{"id":3,"date":"2025-09-29T13:40:38","date_gmt":"2025-09-29T13:40:38","guid":{"rendered":"http:\/\/proietti-publicite.fr\/?page_id=3"},"modified":"2025-10-02T09:04:55","modified_gmt":"2025-10-02T09:04:55","slug":"privacy-policy","status":"publish","type":"page","link":"https:\/\/proietti-publicite.fr\/index.php\/privacy-policy\/","title":{"rendered":"Confidentialit\u00e9 des donn\u00e9es"},"content":{"rendered":"\t\t<div data-elementor-type=\"wp-page\" data-elementor-id=\"3\" class=\"elementor elementor-3\" data-elementor-post-type=\"page\">\n\t\t\t\t<div class=\"elementor-element elementor-element-3f6db7f e-flex e-con-boxed e-con e-parent\" data-id=\"3f6db7f\" data-element_type=\"container\" data-settings=\"{&quot;background_background&quot;:&quot;classic&quot;}\">\n\t\t\t\t\t<div class=\"e-con-inner\">\n\t\t\t\t<div class=\"elementor-element elementor-element-0dbce6f elementor-widget__width-inherit elementor-widget elementor-widget-heading\" data-id=\"0dbce6f\" data-element_type=\"widget\" data-widget_type=\"heading.default\">\n\t\t\t\t\t<h2 class=\"elementor-heading-title elementor-size-default\">Confidentialit\u00e9 des donn\u00e9es<\/h2>\t\t\t\t<\/div>\n\t\t\t\t\t<\/div>\n\t\t\t\t<\/div>\n\t\t<div class=\"elementor-element elementor-element-7f1a657e e-flex e-con-boxed e-con e-parent\" data-id=\"7f1a657e\" data-element_type=\"container\">\n\t\t\t\t\t<div class=\"e-con-inner\">\n\t\t\t\t<div class=\"elementor-element elementor-element-6394fd9f elementor-widget elementor-widget-text-editor\" data-id=\"6394fd9f\" data-element_type=\"widget\" data-widget_type=\"text-editor.default\">\n\t\t\t\t\t\t\t\t\t<p><\/p>\n<p class=\"wp-block-heading\">La politique de confidentialit\u00e9 de&nbsp;Proietti Publicit\u00e9&nbsp;vous informe de ses pratiques concernant la collecte, l\u2019utilisation et le partage des informations que vous \u00eates amen\u00e9s \u00e0 lui fournir dans le cadre de vos \u00e9changes avec ses entit\u00e9s et s\u2019applique d\u00e8s lors que vous avez recours \u00e0 ses services.<br>Cette politique pr\u00e9cise \u00e9galement les proc\u00e9dures mises en \u0153uvre pour garantir que le traitement de vos informations est conforme aux lois applicables en mati\u00e8re de protection des donn\u00e9es et de la vie priv\u00e9e.<\/p>\n<p><\/p>\n<h2 class=\"wp-block-heading\">Responsable du traitement<\/h2>\n<p><\/p>\n<p>Conform\u00e9ment aux dispositions l\u00e9gales, nous vous informons que le Responsable de traitement est : Bernard Proietti.<br>D\u00e9nomination sociale :&nbsp;Proietti Publicit\u00e9<br>Adresse du si\u00e8ge social : 52 av. Mar\u00e9chal Joffre \u2013 12000 Rodez<br>Num\u00e9ro de t\u00e9l\u00e9phone : 05 65 42 86 16<br>Forme juridique : Entreprise Unipersonnelle \u00e0 responsabilit\u00e9 limit\u00e9e (EURL)<br>N\u00b0 SIRET : 41344901800048<br>Num\u00e9ro de TVA : FR15413449018<br>Repr\u00e9sentant l\u00e9gal : Bernard Proietti&nbsp;<\/p>\n<p><\/p>\n<h2 class=\"wp-block-heading\">Donn\u00e9es collect\u00e9es par formulaire<\/h2>\n<p><\/p>\n<p>Les informations recueillies \u00e0 propos de nos prospects ou de nos clients sont uniquement collect\u00e9es \u00e0 partir de notre formulaire de contact. Le destinataire de ces donn\u00e9es est la soci\u00e9t\u00e9 Proietti Publicit\u00e9.<br>Les informations recueillies sur ce formulaire sont enregistr\u00e9es dans un fichier informatis\u00e9 par Bernard Proietti, responsable de traitement, pour le suivi de la client\u00e8le et de la prospection.<br>Vos donn\u00e9es \u00e0 caract\u00e8re personnel ne seront collect\u00e9es et utilis\u00e9es, dans le strict respect des droits et int\u00e9r\u00eats des personnes dont les donn\u00e9es sont trait\u00e9es, que si vous y avez consenti ou que cette utilisation repose sur l\u2019un des fondements juridiques pr\u00e9vu par la loi, \u00e0 savoir :<\/p>\n<p><\/p>\n<ul class=\"wp-block-list\"><p><\/p>\n<li>Le traitement est n\u00e9cessaire au respect d\u2019une obligation l\u00e9gale,<\/li>\n<p><\/p>\n<li>Le traitement est n\u00e9cessaire aux fins des int\u00e9r\u00eats l\u00e9gitimes de notre soci\u00e9t\u00e9.<\/li>\n<p><\/p><\/ul>\n<p><\/p>\n<p>L\u2019acc\u00e8s \u00e0 vos donn\u00e9es personnelles est strictement s\u00e9curis\u00e9 et limit\u00e9 aux personnes de Proietti Publicit\u00e9 habilit\u00e9es en raison de leurs fonctions et tenues \u00e0 une obligation de confidentialit\u00e9.<br>Proietti Publicit\u00e9 s\u2019engage \u00e0 ne pas vendre, louer, c\u00e9der ou donner acc\u00e8s \u00e0 des tiers aux donn\u00e9es de l\u2019utilisateur sans avoir pr\u00e9alablement recueilli son consentement \u00e0 moins d\u2019y \u00eatre contraints en raison d\u2019un motif l\u00e9gitime (obligation l\u00e9gale, lutte contre la fraude ou l\u2019abus, exercice des droits de la d\u00e9fense, etc.)<br>Les donn\u00e9es personnelles que nous collectons sont conserv\u00e9es pendant une dur\u00e9e d\u20191 an maximum. \u00c0 l\u2019expiration de cette dur\u00e9e, vos donn\u00e9es seront d\u00e9truites ou anonymis\u00e9es.<br>Vous pouvez acc\u00e9der aux donn\u00e9es vous concernant, les rectifier, demander leur effacement ou exercer votre droit \u00e0 la limitation du traitement de vos donn\u00e9es.<br>Consultez le site cnil.fr pour plus d\u2019informations sur vos droits.<br>Si vous estimez, apr\u00e8s nous avoir contact\u00e9s, que vos droits \u00ab Informatique et Libert\u00e9s \u00bb ne sont pas respect\u00e9s, vous pouvez adresser une r\u00e9clamation \u00e0 la CNIL.<\/p>\n<p><\/p>\n<h2 class=\"wp-block-heading\">Politique de cookies<\/h2>\n<p><\/p>\n<p>Proietti Publicit\u00e9 souhaite vous informer de mani\u00e8re claire et transparente sur l\u2019usage des cookies lorsque vous consultez le site https:\/\/www.proietti-publicite.fr\/<br>Vous pouvez param\u00e9trer le contenu des cookies collect\u00e9s par&nbsp;Proietti Publicit\u00e9.<br>Le terme \u00ab cookie \u00bb recouvre les diff\u00e9rents traceurs qui sont d\u00e9pos\u00e9s ou lus sur le terminal que vous utilisez (ordinateur, tablette, smartphone\u2026) pour votre navigation sur des pages internet sous r\u00e9serve des choix que vous avez exprim\u00e9s.<br>Les cookies sur le site https:\/\/www.proietti-publicite.fr\/ sont utilis\u00e9s pour faciliter votre navigation, pour vous proposer des contenus.<br>Vous pouvez \u00e0 tout moment param\u00e9trer votre navigateur afin d\u2019exprimer et de modifier vos souhaits en mati\u00e8re de cookies et notamment concernant les cookies statistiques.<br>Nous vous informons que vous disposez \u00e9galement du droit d\u2019introduire une r\u00e9clamation aupr\u00e8s d\u2019une autorit\u00e9 de contr\u00f4le (CNIL) en \u00e9crivant \u00e0 l\u2019adresse suivante :<br>CNIL, 3 Place de Fontenoy, TSA 80715 \u00e0 75334 PARIS Cedex.<\/p>\n<p><\/p>\n<h2 class=\"wp-block-heading\">Vos droits<\/h2>\n<p><\/p>\n<p>Nous vous informons que vous b\u00e9n\u00e9ficiez :<\/p>\n<p><\/p>\n<ul class=\"wp-block-list\"><p><\/p>\n<li>D\u2019un droit d\u2019acc\u00e8s aux donn\u00e9es personnelles vous concernant,<\/li>\n<p><\/p>\n<li>D\u2019un droit de rectification en cas d\u2019inexactitude des donn\u00e9es vous concernant,<\/li>\n<p><\/p>\n<li>D\u2019un droit \u00e0 l\u2019effacement des donn\u00e9es vous concernant,<\/li>\n<p><\/p>\n<li>D\u2019un droit d\u2019opposition au traitement,<\/li>\n<p><\/p>\n<li>D\u2019un droit \u00e0 la limitation du traitement,<\/li>\n<p><\/p>\n<li>D\u2019un droit \u00e0 la portabilit\u00e9 de vos donn\u00e9es,<\/li>\n<p><\/p>\n<li>D\u2019un droit au retrait du consentement (dans le cas o\u00f9 le consentement est n\u00e9cessaire).<\/li>\n<p><\/p><\/ul>\n<p><\/p>\n<p>Pour exercer ces droits, vous devrez adresser :<br>un courrier postal \u00e0 l\u2019adresse suivante :<br>Proietti Publicit\u00e9 &#8211; 52 av. Mar\u00e9chal Joffre \u2013 12000 Rodez<br>ou un mail via les formulaires de contact.<\/p>\n<p><\/p>\n<p>Nous vous informons que vous disposez \u00e9galement du droit d\u2019introduire une r\u00e9clamation aupr\u00e8s d\u2019une autorit\u00e9 de contr\u00f4le (CNIL) en \u00e9crivant \u00e0 l\u2019adresse suivante :<br>CNIL, 3 Place de Fontenoy, TSA 80715 \u00e0 75334 Paris Cedex.<\/p>\n<p><\/p>\n<p><\/p>\t\t\t\t\t\t\t\t<\/div>\n\t\t\t\t\t<\/div>\n\t\t\t\t<\/div>\n\t\t\t\t<\/div>\n\t\t","protected":false},"excerpt":{"rendered":"<p>Confidentialit\u00e9 des donn\u00e9es La politique de confidentialit\u00e9 de&nbsp;Proietti Publicit\u00e9&nbsp;vous informe de ses pratiques concernant la collecte, l\u2019utilisation et le partage des informations que vous \u00eates amen\u00e9s \u00e0 lui fournir dans le cadre de vos \u00e9changes avec ses entit\u00e9s et s\u2019applique d\u00e8s lors que vous avez recours \u00e0 ses services.Cette politique pr\u00e9cise \u00e9galement les proc\u00e9dures mises [&hellip;]<\/p>\n","protected":false},"author":1,"featured_media":0,"parent":0,"menu_order":0,"comment_status":"closed","ping_status":"open","template":"","meta":{"footnotes":""},"class_list":["post-3","page","type-page","status-publish","hentry"],"_links":{"self":[{"href":"https:\/\/proietti-publicite.fr\/index.php\/wp-json\/wp\/v2\/pages\/3","targetHints":{"allow":["GET"]}}],"collection":[{"href":"https:\/\/proietti-publicite.fr\/index.php\/wp-json\/wp\/v2\/pages"}],"about":[{"href":"https:\/\/proietti-publicite.fr\/index.php\/wp-json\/wp\/v2\/types\/page"}],"author":[{"embeddable":true,"href":"https:\/\/proietti-publicite.fr\/index.php\/wp-json\/wp\/v2\/users\/1"}],"replies":[{"embeddable":true,"href":"https:\/\/proietti-publicite.fr\/index.php\/wp-json\/wp\/v2\/comments?post=3"}],"version-history":[{"count":5,"href":"https:\/\/proietti-publicite.fr\/index.php\/wp-json\/wp\/v2\/pages\/3\/revisions"}],"predecessor-version":[{"id":222,"href":"https:\/\/proietti-publicite.fr\/index.php\/wp-json\/wp\/v2\/pages\/3\/revisions\/222"}],"wp:attachment":[{"href":"https:\/\/proietti-publicite.fr\/index.php\/wp-json\/wp\/v2\/media?parent=3"}],"curies":[{"name":"wp","href":"https:\/\/api.w.org\/{rel}","templated":true}]}}